{"id":13,"date":"2017-02-08T17:17:17","date_gmt":"2017-02-08T16:17:17","guid":{"rendered":"http:\/\/balioenhiria.bilbao.eus\/?page_id=13"},"modified":"2020-11-02T10:39:11","modified_gmt":"2020-11-02T09:39:11","slug":"por-que-para-que","status":"publish","type":"page","link":"https:\/\/balioenhiria.bilbao.eus\/es\/por-que-para-que\/","title":{"rendered":"\u00bfPor qu\u00e9? \u00bfPara qu\u00e9? Antecedentes"},"content":{"rendered":"<div id=\"pl-13\"  class=\"panel-layout\" ><div id=\"pg-13-0\"  class=\"panel-grid panel-no-style\" ><div id=\"pgc-13-0-0\"  class=\"panel-grid-cell\" ><div id=\"panel-13-0-0-0\" class=\"so-panel widget widget_text panel-first-child panel-last-child\" data-index=\"0\" >\t\t\t<div class=\"textwidget\"><p><strong>Bilbao Balioen Hiria<\/strong> es un proyecto que tiene por finalidad generar un espacio de an\u00e1lisis, di\u00e1logo, reflexi\u00f3n y trabajo colaborativo entre instituciones, entidades sociales, empresas, medios de comunicaci\u00f3n, centros educativos y ciudadan\u00eda para el fomento de un marco de valores compartidos en la ciudad de Bilbao.<\/p>\n<\/div>\n\t\t<\/div><\/div><\/div><div id=\"pg-13-1\"  class=\"panel-grid panel-no-style\" ><div id=\"pgc-13-1-0\"  class=\"panel-grid-cell panel-grid-cell-empty\" ><\/div><div id=\"pgc-13-1-1\"  class=\"panel-grid-cell panel-grid-cell-mobile-last\" ><div id=\"panel-13-1-1-0\" class=\"so-panel widget widget_text panel-first-child panel-last-child\" data-index=\"1\" >\t\t\t<div class=\"textwidget\"><img loading=\"lazy\" decoding=\"async\" src=\"http:\/\/balioenhiria.bilbao.eus\/wp-content\/uploads\/2017\/02\/presentacion.png\" alt=\"\" width=\"70\" height=\"70\" class=\"alignleft size-full wp-image-172\" srcset=\"https:\/\/balioenhiria.bilbao.eus\/wp-content\/uploads\/2017\/02\/presentacion.png 128w, https:\/\/balioenhiria.bilbao.eus\/wp-content\/uploads\/2017\/02\/presentacion-100x100.png 100w\" sizes=\"(max-width: 70px) 100vw, 70px\" \/><p style=\"font-weight: bold;font-size:35px;\"><a href=\"http:\/\/balioenhiria.bilbao.eus\/wp-content\/uploads\/2017\/02\/PresentacionBilbaoBalioenHiria.pdf\">Ver presentaci\u00f3n<\/a><\/p><\/div>\n\t\t<\/div><\/div><div id=\"pgc-13-1-2\"  class=\"panel-grid-cell panel-grid-cell-empty\" ><\/div><\/div><div id=\"pg-13-2\"  class=\"panel-grid panel-no-style\" ><div id=\"pgc-13-2-0\"  class=\"panel-grid-cell panel-grid-cell-empty\" ><\/div><div id=\"pgc-13-2-1\"  class=\"panel-grid-cell panel-grid-cell-mobile-last\" ><div id=\"panel-13-2-1-0\" class=\"so-panel widget widget_text panel-first-child panel-last-child\" data-index=\"2\" >\t\t\t<div class=\"textwidget\"><img loading=\"lazy\" decoding=\"async\" src=\"http:\/\/balioenhiria.bilbao.eus\/wp-content\/uploads\/2017\/02\/presentacion.png\" alt=\"\" width=\"70\" height=\"70\" class=\"alignleft size-full wp-image-172\" srcset=\"https:\/\/balioenhiria.bilbao.eus\/wp-content\/uploads\/2017\/02\/presentacion.png 128w, https:\/\/balioenhiria.bilbao.eus\/wp-content\/uploads\/2017\/02\/presentacion-100x100.png 100w\" sizes=\"(max-width: 70px) 100vw, 70px\" \/><p style=\"font-weight: bold;font-size:35px;\"><a href=\"http:\/\/balioenhiria.bilbao.eus\/wp-content\/uploads\/2017\/12\/INFORME-JULIO-2017ko-UZTAILAK.-Bilbao-Balioen-Hiria.pdf\">Ver informe julio 2017<\/a><\/p><\/div>\n\t\t<\/div><\/div><div id=\"pgc-13-2-2\"  class=\"panel-grid-cell panel-grid-cell-empty\" ><\/div><\/div><div id=\"pg-13-3\"  class=\"panel-grid panel-no-style\" ><div id=\"pgc-13-3-0\"  class=\"panel-grid-cell\" ><div id=\"panel-13-3-0-0\" class=\"so-panel widget widget_text panel-first-child panel-last-child\" data-index=\"3\" >\t\t\t<div class=\"textwidget\"><h1>\u00bfQu\u00e9 valores tiene Bilbao?<small>Encuesta<\/small><\/h1>\n<p>Como punto de partida del di\u00e1logo y reflexi\u00f3n hemos realizado una encuesta sobre los atributos que la ciudadan\u00eda considera representa a la villa de Bilbao en la actualidad, junto a aquellos que considera deber\u00edan ser sus atributos. Y, por otro lado, se han analizado los valores que se derivan de lo que la ciudadan\u00eda de Bilbao piensa, siente y hace.<\/p>\n<p>Una veintena de preguntas planteadas a partir de 1.200 encuestas administradas telef\u00f3nicamente en julio de 2016, teniendo en cuenta las variables de sexo, edad, distrito y clase social, con un error muestral del 95,45% y +2,89%.<\/p>\n<ul>\n<li><strong>Encuesta de valores de la villa de Bilbao. <a href=\"http:\/\/balioenhiria.bilbao.eus\/wp-content\/uploads\/2017\/02\/EncuestaResumenEjecutivo.pdf\">Resumen ejecutivo<\/a>.<\/strong><\/li>\n<li><strong>Encuesta de valores de la villa de Bilbao. <a href=\"http:\/\/balioenhiria.bilbao.eus\/wp-content\/uploads\/2017\/02\/EncuestaValoresInforme.pdf\">Informe: an\u00e1lisis descriptivo y explicativo<\/a>.<\/strong><\/li>\n<\/ul><\/div>\n\t\t<\/div><\/div><\/div><div id=\"pg-13-4\"  class=\"panel-grid panel-no-style\" ><div id=\"pgc-13-4-0\"  class=\"panel-grid-cell\" ><div id=\"panel-13-4-0-0\" class=\"so-panel widget widget_text panel-first-child panel-last-child\" data-index=\"4\" >\t\t\t<div class=\"textwidget\"><h1>Vadem\u00e9cum de valores <small>\u00bfQu\u00e9 valores?<\/small><\/h1>Para facilitar el an\u00e1lisis, di\u00e1logo y reflexi\u00f3n en torno al estado de salud de los valores en nuestra ciudad y permitir la comparaci\u00f3n con proyectos similares en otros lugares del mundo, hemos ordenado la interminable lista de valores existentes en un <a href=\"http:\/\/balioenhiria.bilbao.eus\/wp-content\/uploads\/2017\/02\/VademecumBilbaoBalioenHiria.pdf\">dec\u00e1logo<\/a>: respeto a los Derechos Humanos, solidaridad, participaci\u00f3n, confianza, creatividad, igualdad entre mujeres y hombres, sostenibilidad medioambiental, compromiso, justicia social y diversidad.\n\nCada valor ha sido definido brevemente con una sencilla finalidad pedag\u00f3gica y did\u00e1ctica, vincul\u00e1ndolos a los comportamientos cotidianos de la ciudadan\u00eda, las entidades sociales y el Ayuntamiento.<\/div>\n\t\t<\/div><\/div><\/div><div id=\"pg-13-5\"  class=\"panel-grid panel-no-style\" ><div id=\"pgc-13-5-0\"  class=\"panel-grid-cell panel-grid-cell-empty\" ><\/div><div id=\"pgc-13-5-1\"  class=\"panel-grid-cell\" ><div id=\"panel-13-5-1-0\" class=\"so-panel widget widget_text panel-first-child panel-last-child\" data-index=\"5\" >\t\t\t<div class=\"textwidget\"><a href=\"http:\/\/balioenhiria.bilbao.eus\/vademecum-de-valores\/respeto-a-los-derechos-humanos\/\"><img loading=\"lazy\" decoding=\"async\" class=\"alignnone wp-image-123 size-medium\" src=\"http:\/\/balioenhiria.bilbao.eus\/wp-content\/uploads\/2017\/02\/Respeto-300x212.jpg\" width=\"300\" height=\"212\" srcset=\"https:\/\/balioenhiria.bilbao.eus\/wp-content\/uploads\/2017\/02\/Respeto-300x212.jpg 300w, https:\/\/balioenhiria.bilbao.eus\/wp-content\/uploads\/2017\/02\/Respeto-768x543.jpg 768w, https:\/\/balioenhiria.bilbao.eus\/wp-content\/uploads\/2017\/02\/Respeto-1024x725.jpg 1024w, https:\/\/balioenhiria.bilbao.eus\/wp-content\/uploads\/2017\/02\/Respeto-624x442.jpg 624w\" sizes=\"(max-width: 300px) 100vw, 300px\" \/><\/a><\/div>\n\t\t<\/div><\/div><div id=\"pgc-13-5-2\"  class=\"panel-grid-cell\" ><div id=\"panel-13-5-2-0\" class=\"so-panel widget widget_text panel-first-child panel-last-child\" data-index=\"6\" >\t\t\t<div class=\"textwidget\"><a href=\"http:\/\/balioenhiria.bilbao.eus\/vademecum-de-valores\/justicia-social\/\"><img loading=\"lazy\" decoding=\"async\" class=\"alignnone size-medium wp-image-133\" src=\"http:\/\/balioenhiria.bilbao.eus\/wp-content\/uploads\/2017\/02\/Justicia_social-300x212.jpg\" alt=\"\" width=\"300\" height=\"212\" srcset=\"https:\/\/balioenhiria.bilbao.eus\/wp-content\/uploads\/2017\/02\/Justicia_social-300x212.jpg 300w, https:\/\/balioenhiria.bilbao.eus\/wp-content\/uploads\/2017\/02\/Justicia_social-768x543.jpg 768w, https:\/\/balioenhiria.bilbao.eus\/wp-content\/uploads\/2017\/02\/Justicia_social-1024x725.jpg 1024w, https:\/\/balioenhiria.bilbao.eus\/wp-content\/uploads\/2017\/02\/Justicia_social-624x442.jpg 624w\" sizes=\"(max-width: 300px) 100vw, 300px\" \/><\/a><\/div>\n\t\t<\/div><\/div><div id=\"pgc-13-5-3\"  class=\"panel-grid-cell panel-grid-cell-mobile-last\" ><div id=\"panel-13-5-3-0\" class=\"so-panel widget widget_text panel-first-child panel-last-child\" data-index=\"7\" >\t\t\t<div class=\"textwidget\"><a href=\"http:\/\/balioenhiria.bilbao.eus\/vademecum-de-valores\/igualdad-entre-hombres-y-mujeres\/\"><img loading=\"lazy\" decoding=\"async\" src=\"http:\/\/balioenhiria.bilbao.eus\/wp-content\/uploads\/2017\/02\/Igualdad_hombres_mujeres-300x213.jpg\" alt=\"\" width=\"300\" height=\"213\" class=\"alignnone size-medium wp-image-148\" srcset=\"https:\/\/balioenhiria.bilbao.eus\/wp-content\/uploads\/2017\/02\/Igualdad_hombres_mujeres-300x213.jpg 300w, https:\/\/balioenhiria.bilbao.eus\/wp-content\/uploads\/2017\/02\/Igualdad_hombres_mujeres-768x544.jpg 768w, https:\/\/balioenhiria.bilbao.eus\/wp-content\/uploads\/2017\/02\/Igualdad_hombres_mujeres-1024x725.jpg 1024w, https:\/\/balioenhiria.bilbao.eus\/wp-content\/uploads\/2017\/02\/Igualdad_hombres_mujeres-624x442.jpg 624w, https:\/\/balioenhiria.bilbao.eus\/wp-content\/uploads\/2017\/02\/Igualdad_hombres_mujeres-350x250.jpg 350w\" sizes=\"(max-width: 300px) 100vw, 300px\" \/><\/a><\/div>\n\t\t<\/div><\/div><div id=\"pgc-13-5-4\"  class=\"panel-grid-cell panel-grid-cell-empty\" ><\/div><\/div><div id=\"pg-13-6\"  class=\"panel-grid panel-no-style\" ><div id=\"pgc-13-6-0\"  class=\"panel-grid-cell\" ><div id=\"panel-13-6-0-0\" class=\"so-panel widget widget_text panel-first-child panel-last-child\" data-index=\"8\" >\t\t\t<div class=\"textwidget\"><a href=\"http:\/\/balioenhiria.bilbao.eus\/vademecum-de-valores\/diversidad\/\"><img loading=\"lazy\" decoding=\"async\" class=\"alignnone size-medium wp-image-125\" src=\"http:\/\/balioenhiria.bilbao.eus\/wp-content\/uploads\/2017\/02\/Diversidad-300x212.jpg\" alt=\"\" width=\"300\" height=\"212\" srcset=\"https:\/\/balioenhiria.bilbao.eus\/wp-content\/uploads\/2017\/02\/Diversidad-300x212.jpg 300w, https:\/\/balioenhiria.bilbao.eus\/wp-content\/uploads\/2017\/02\/Diversidad-768x543.jpg 768w, https:\/\/balioenhiria.bilbao.eus\/wp-content\/uploads\/2017\/02\/Diversidad-1024x725.jpg 1024w, https:\/\/balioenhiria.bilbao.eus\/wp-content\/uploads\/2017\/02\/Diversidad-624x442.jpg 624w\" sizes=\"(max-width: 300px) 100vw, 300px\" \/><\/a><\/div>\n\t\t<\/div><\/div><div id=\"pgc-13-6-1\"  class=\"panel-grid-cell\" ><div id=\"panel-13-6-1-0\" class=\"so-panel widget widget_text panel-first-child panel-last-child\" data-index=\"9\" >\t\t\t<div class=\"textwidget\"><a href=\"http:\/\/balioenhiria.bilbao.eus\/vademecum-de-valores\/solidaridad\/\"><img loading=\"lazy\" decoding=\"async\" class=\"alignnone size-medium wp-image-127\" src=\"http:\/\/balioenhiria.bilbao.eus\/wp-content\/uploads\/2017\/02\/Solidaridad-300x212.jpg\" alt=\"\" width=\"300\" height=\"212\" srcset=\"https:\/\/balioenhiria.bilbao.eus\/wp-content\/uploads\/2017\/02\/Solidaridad-300x212.jpg 300w, https:\/\/balioenhiria.bilbao.eus\/wp-content\/uploads\/2017\/02\/Solidaridad-768x543.jpg 768w, https:\/\/balioenhiria.bilbao.eus\/wp-content\/uploads\/2017\/02\/Solidaridad-1024x725.jpg 1024w, https:\/\/balioenhiria.bilbao.eus\/wp-content\/uploads\/2017\/02\/Solidaridad-624x442.jpg 624w\" sizes=\"(max-width: 300px) 100vw, 300px\" \/><\/a><\/div>\n\t\t<\/div><\/div><div id=\"pgc-13-6-2\"  class=\"panel-grid-cell\" ><div id=\"panel-13-6-2-0\" class=\"so-panel widget widget_text panel-first-child panel-last-child\" data-index=\"10\" >\t\t\t<div class=\"textwidget\"><center><p style=\"font-size: 22px;  text-transform: uppercase;\">Vadem\u00e9cum de valores<\/p>\n<a href=\"http:\/\/balioenhiria.bilbao.eus\/wp-content\/uploads\/2017\/02\/VademecumBilbaoBalioenHiria.pdf\"><img decoding=\"async\" src=\"http:\/\/balioenhiria.bilbao.eus\/wp-content\/uploads\/2017\/02\/pdfGris.png\" width=\"100px\" \/><\/a><\/center><\/div>\n\t\t<\/div><\/div><div id=\"pgc-13-6-3\"  class=\"panel-grid-cell\" ><div id=\"panel-13-6-3-0\" class=\"so-panel widget widget_text panel-first-child panel-last-child\" data-index=\"11\" >\t\t\t<div class=\"textwidget\"><a href=\"http:\/\/balioenhiria.bilbao.eus\/vademecum-de-valores\/participacion\/\"><img loading=\"lazy\" decoding=\"async\" class=\"alignnone size-medium wp-image-129\" src=\"http:\/\/balioenhiria.bilbao.eus\/wp-content\/uploads\/2017\/02\/Participacion-300x212.jpg\" alt=\"\" width=\"300\" height=\"212\" srcset=\"https:\/\/balioenhiria.bilbao.eus\/wp-content\/uploads\/2017\/02\/Participacion-300x212.jpg 300w, https:\/\/balioenhiria.bilbao.eus\/wp-content\/uploads\/2017\/02\/Participacion-768x543.jpg 768w, https:\/\/balioenhiria.bilbao.eus\/wp-content\/uploads\/2017\/02\/Participacion-1024x725.jpg 1024w, https:\/\/balioenhiria.bilbao.eus\/wp-content\/uploads\/2017\/02\/Participacion-624x442.jpg 624w\" sizes=\"(max-width: 300px) 100vw, 300px\" \/><\/a><\/div>\n\t\t<\/div><\/div><div id=\"pgc-13-6-4\"  class=\"panel-grid-cell\" ><div id=\"panel-13-6-4-0\" class=\"so-panel widget widget_text panel-first-child panel-last-child\" data-index=\"12\" >\t\t\t<div class=\"textwidget\"><a href=\"http:\/\/balioenhiria.bilbao.eus\/vademecum-de-valores\/creatividad\/\"><img loading=\"lazy\" decoding=\"async\" class=\"alignnone size-medium wp-image-131\" src=\"http:\/\/balioenhiria.bilbao.eus\/wp-content\/uploads\/2017\/02\/Creatividad-300x212.jpg\" alt=\"\" width=\"300\" height=\"212\" srcset=\"https:\/\/balioenhiria.bilbao.eus\/wp-content\/uploads\/2017\/02\/Creatividad-300x212.jpg 300w, https:\/\/balioenhiria.bilbao.eus\/wp-content\/uploads\/2017\/02\/Creatividad-768x543.jpg 768w, https:\/\/balioenhiria.bilbao.eus\/wp-content\/uploads\/2017\/02\/Creatividad-1024x725.jpg 1024w, https:\/\/balioenhiria.bilbao.eus\/wp-content\/uploads\/2017\/02\/Creatividad-624x442.jpg 624w\" sizes=\"(max-width: 300px) 100vw, 300px\" \/><\/a><\/div>\n\t\t<\/div><\/div><\/div><div id=\"pg-13-7\"  class=\"panel-grid panel-no-style\" ><div id=\"pgc-13-7-0\"  class=\"panel-grid-cell panel-grid-cell-empty\" ><\/div><div id=\"pgc-13-7-1\"  class=\"panel-grid-cell\" ><div id=\"panel-13-7-1-0\" class=\"so-panel widget widget_text panel-first-child panel-last-child\" data-index=\"13\" >\t\t\t<div class=\"textwidget\"><a href=\"http:\/\/balioenhiria.bilbao.eus\/vademecum-de-valores\/confianza\/\"><img loading=\"lazy\" decoding=\"async\" class=\"alignnone size-medium wp-image-124\" src=\"http:\/\/balioenhiria.bilbao.eus\/wp-content\/uploads\/2017\/02\/Confianza-300x212.jpg\" alt=\"\" width=\"300\" height=\"212\" srcset=\"https:\/\/balioenhiria.bilbao.eus\/wp-content\/uploads\/2017\/02\/Confianza-300x212.jpg 300w, https:\/\/balioenhiria.bilbao.eus\/wp-content\/uploads\/2017\/02\/Confianza-768x543.jpg 768w, https:\/\/balioenhiria.bilbao.eus\/wp-content\/uploads\/2017\/02\/Confianza-1024x725.jpg 1024w, https:\/\/balioenhiria.bilbao.eus\/wp-content\/uploads\/2017\/02\/Confianza-624x442.jpg 624w\" sizes=\"(max-width: 300px) 100vw, 300px\" \/><\/a><\/div>\n\t\t<\/div><\/div><div id=\"pgc-13-7-2\"  class=\"panel-grid-cell\" ><div id=\"panel-13-7-2-0\" class=\"so-panel widget widget_text panel-first-child panel-last-child\" data-index=\"14\" >\t\t\t<div class=\"textwidget\"><a href=\"http:\/\/balioenhiria.bilbao.eus\/vademecum-de-valores\/compromiso\/\"><img loading=\"lazy\" decoding=\"async\" class=\"alignnone size-medium wp-image-132\" src=\"http:\/\/balioenhiria.bilbao.eus\/wp-content\/uploads\/2017\/02\/Compromiso-300x212.jpg\" alt=\"\" width=\"300\" height=\"212\" srcset=\"https:\/\/balioenhiria.bilbao.eus\/wp-content\/uploads\/2017\/02\/Compromiso-300x212.jpg 300w, https:\/\/balioenhiria.bilbao.eus\/wp-content\/uploads\/2017\/02\/Compromiso-768x543.jpg 768w, https:\/\/balioenhiria.bilbao.eus\/wp-content\/uploads\/2017\/02\/Compromiso-1024x725.jpg 1024w, https:\/\/balioenhiria.bilbao.eus\/wp-content\/uploads\/2017\/02\/Compromiso-624x442.jpg 624w\" sizes=\"(max-width: 300px) 100vw, 300px\" \/><\/a><\/div>\n\t\t<\/div><\/div><div id=\"pgc-13-7-3\"  class=\"panel-grid-cell panel-grid-cell-mobile-last\" ><div id=\"panel-13-7-3-0\" class=\"so-panel widget widget_text panel-first-child panel-last-child\" data-index=\"15\" >\t\t\t<div class=\"textwidget\"><a href=\"http:\/\/balioenhiria.bilbao.eus\/vademecum-de-valores\/sostenibilidad-medioambiental\/\"><img loading=\"lazy\" decoding=\"async\" src=\"http:\/\/balioenhiria.bilbao.eus\/wp-content\/uploads\/2017\/02\/Sostenibilidad_medioambiental-300x213.jpg\" alt=\"\" width=\"300\" height=\"213\" class=\"alignnone size-medium wp-image-149\" srcset=\"https:\/\/balioenhiria.bilbao.eus\/wp-content\/uploads\/2017\/02\/Sostenibilidad_medioambiental-300x213.jpg 300w, https:\/\/balioenhiria.bilbao.eus\/wp-content\/uploads\/2017\/02\/Sostenibilidad_medioambiental-768x544.jpg 768w, https:\/\/balioenhiria.bilbao.eus\/wp-content\/uploads\/2017\/02\/Sostenibilidad_medioambiental-1024x725.jpg 1024w, https:\/\/balioenhiria.bilbao.eus\/wp-content\/uploads\/2017\/02\/Sostenibilidad_medioambiental-624x442.jpg 624w, https:\/\/balioenhiria.bilbao.eus\/wp-content\/uploads\/2017\/02\/Sostenibilidad_medioambiental-350x250.jpg 350w\" sizes=\"(max-width: 300px) 100vw, 300px\" \/><\/a><\/div>\n\t\t<\/div><\/div><div id=\"pgc-13-7-4\"  class=\"panel-grid-cell panel-grid-cell-empty\" ><\/div><\/div><\/div>","protected":false},"excerpt":{"rendered":"<p>Bilbao Balioen Hiria es un proyecto que tiene por finalidad generar un espacio de an\u00e1lisis, di\u00e1logo, reflexi\u00f3n y trabajo colaborativo entre instituciones, entidades sociales, empresas, medios de comunicaci\u00f3n, centros educativos y ciudadan\u00eda para el fomento de un marco de valores compartidos en la ciudad de Bilbao. Ver presentaci\u00f3n<\/p>\n","protected":false},"author":2,"featured_media":0,"parent":0,"menu_order":0,"comment_status":"closed","ping_status":"closed","template":"","meta":{"footnotes":""},"_links":{"self":[{"href":"https:\/\/balioenhiria.bilbao.eus\/es\/wp-json\/wp\/v2\/pages\/13"}],"collection":[{"href":"https:\/\/balioenhiria.bilbao.eus\/es\/wp-json\/wp\/v2\/pages"}],"about":[{"href":"https:\/\/balioenhiria.bilbao.eus\/es\/wp-json\/wp\/v2\/types\/page"}],"author":[{"embeddable":true,"href":"https:\/\/balioenhiria.bilbao.eus\/es\/wp-json\/wp\/v2\/users\/2"}],"replies":[{"embeddable":true,"href":"https:\/\/balioenhiria.bilbao.eus\/es\/wp-json\/wp\/v2\/comments?post=13"}],"version-history":[{"count":16,"href":"https:\/\/balioenhiria.bilbao.eus\/es\/wp-json\/wp\/v2\/pages\/13\/revisions"}],"predecessor-version":[{"id":990,"href":"https:\/\/balioenhiria.bilbao.eus\/es\/wp-json\/wp\/v2\/pages\/13\/revisions\/990"}],"wp:attachment":[{"href":"https:\/\/balioenhiria.bilbao.eus\/es\/wp-json\/wp\/v2\/media?parent=13"}],"curies":[{"name":"wp","href":"https:\/\/api.w.org\/{rel}","templated":true}]}}